{"version":"1.0","provider_name":"M\u00e9zes Otthon","provider_url":"https:\/\/mezesotthon.cafeblog.hu","author_name":"Sz.Zsani","author_url":"https:\/\/mezesotthon.cafeblog.hu\/author\/sz_zsani\/","title":"Nesselrode kr\u00e9m","html":"<div><span style=\"font-size: large\"><span lang=\"HU\" style=\"line-height: 115%\">Nesselrode gr\u00f3f a 19. sz\u00e1zadban \u00e9lt orosz diplomata volt, f\u0151szak\u00e1csa tal\u00e1lta ki ezt a finom desszertet sz\u00e1m\u00e1ra. Igazi kar\u00e1csonyi \u00e9dess\u00e9g, minden benne van, ami egy \u00fcnnepi finoms\u00e1ghoz kell: gesztenye, kand\u00edrozott gy\u00fcm\u00f6lcs\u00f6k, rum, narancs \u00e9s tejsz\u00ednhab. Hamar elk\u00e9sz\u00edthet\u0151, de a t\u00e1lal\u00e1ssal v\u00e1rjunk m\u00e1snapig, \u00edgy biztosan sz\u00e9pen szeletelhet\u0151 lesz. Pr\u00f3b\u00e1lj\u00e1tok ki, n\u00e1lunk biztos, hogy szerepelni fog a kar\u00e1csonyi men\u00fcben.<\/span><\/span><br \/><span style=\"font-size: large\"><span lang=\"HU\" style=\"line-height: 115%\">A Nesselrode kr\u00e9m receptj\u00e9t tov\u00e1bb olvashatod, ha <a href=\"http:\/\/abufe.hu\/2011\/12\/nesselrode-krem\/\">a B\u00fcf\u00e9 F\u0151z\u0151suli<\/a> rovat\u00e1ra kattintasz, ahol f\u00e1zisfot\u00f3k is seg\u00edtenek a desszert elk\u00e9sz\u00edt\u00e9s\u00e9ben. (Kattints a linkre a recept\u00e9rt!)&nbsp;<\/span><\/span><br \/><span><span lang=\"HU\" style=\"line-height: 115%\"><br \/><\/span><\/span><span style=\"font-size: large\"><span lang=\"HU\" style=\"line-height: 115%\"><\/span><\/span><\/div><div><br \/><\/div><div><a href=\"https:\/\/mezesotthon.cafeblog.hu\/files\/2011\/12\/nesselrode0edit.jpg\" style=\"margin-left: 1em;margin-right: 1em\" title=\"nesselrode kr\u00e9m pudig kar\u00e1csonyra\"><img alt=\"nesselrode kr\u00e9m pudig kar\u00e1csonyra fot\u00f3\" border=\"0\" src=\"https:\/\/mezesotthon.cafeblog.hu\/files\/2011\/12\/nesselrode0edit.jpg\" \/><\/a><\/div><div><br \/><\/div><div><br \/><\/div><div><a href=\"https:\/\/mezesotthon.cafeblog.hu\/files\/2011\/12\/nesselrode6edit.jpg\" style=\"margin-left: 1em;margin-right: 1em\" title=\"nesselrode kr\u00e9m pudig kar\u00e1csonyra\"><img alt=\"nesselrode kr\u00e9m pudig kar\u00e1csonyra fot\u00f3\" border=\"0\" src=\"https:\/\/mezesotthon.cafeblog.hu\/files\/2011\/12\/nesselrode6edit.jpg\" \/><\/a><\/div><div><br \/><\/div>","type":"rich"}