{"version":"1.0","provider_name":"M\u00e9zes Otthon","provider_url":"https:\/\/mezesotthon.cafeblog.hu","author_name":"Sz.Zsani","author_url":"https:\/\/mezesotthon.cafeblog.hu\/author\/sz_zsani\/","title":"Eperkr\u00e9mes zebratorta","html":"<div><\/div><div><\/div><div><\/div><div><\/div><div><span><span style=\"font-size: large\">\u00c9vekkel ezel\u0151tt s\u00fct\u00f6ttem el\u0151sz\u00f6r zebratort\u00e1t, m\u00e1r el is felejtkeztem r\u00f3la, de n\u00e9h\u00e1ny napja valamilyen m\u00e1rv\u00e1nyos s\u00fctit szerettem volna k\u00e9sz\u00edteni \u00e9s akkor ugrott be ez az \u00e9dess\u00e9g. Igaz, nem m\u00e1rv\u00e1nyos, hanem \"cs\u00edkos\", nagyon mutat\u00f3s, egyszer\u0171 \u00e9s finom. Ha j\u00f3l eml\u00e9kszem Macikonyha blogj\u00e1n tal\u00e1ltam r\u00e1 a receptre.<\/span><\/span><\/div><div><span><span style=\"font-size: large\">Egy nagyon gyors epres kr\u00e9met k\u00e9sz\u00edtettem hozz\u00e1, ami el is maradhat, de nekem jobban \u00edzlik kr\u00e9mmel, ha s\u00fcti, akkor legyen habos-kr\u00e9mes... szerintem.:)<\/span><\/span><\/div><div><br \/><\/div><div><br \/><\/div><div><a href=\"https:\/\/mezesotthon.cafeblog.hu\/files\/2014\/07\/eperkr-25C3-25A9mes-zebratorta-edit.jpg\" style=\"margin-left: 1em;margin-right: 1em\"><img border=\"0\" src=\"https:\/\/mezesotthon.cafeblog.hu\/files\/2014\/07\/eperkr-25C3-25A9mes-zebratorta-edit.jpg\" \/><\/a><\/div><div><br \/><\/div><div><br \/><\/div><div><u><span><span style=\"font-size: large\">Eperkr\u00e9mes zebratorta<\/span><\/span><\/u><\/div><div><br \/><\/div><div><span><span style=\"font-size: large\"><u>Hozz\u00e1val\u00f3k<\/u>:<\/span><\/span><span><span style=\"font-size: large\">&nbsp;<\/span><\/span><br \/><span><span style=\"font-size: large\">5 toj\u00e1s<\/span><\/span><span><\/span><\/div><div><span><span style=\"font-size: large\">25 dkg porcukor<\/span><\/span><\/div><div><span><span style=\"font-size: large\">1 <\/span><\/span><span><span style=\"font-size: large\">csomag van\u00edli\u00e1s cukor<\/span><\/span><\/div><div><span><\/span><span><span style=\"font-size: large\">125 ml langyos v\u00edz<\/span><\/span><span><span style=\"font-size: large\">&nbsp;<\/span><\/span><\/div><div><span><span style=\"font-size: large\">250 ml \u00e9tolaj<\/span><\/span><\/div><div><span><span style=\"font-size: large\">&nbsp;<\/span><\/span><span><span style=\"font-size: large\">375 g liszt<\/span><\/span><span><span style=\"font-size: large\">&nbsp;<\/span><\/span><\/div><div><span><span style=\"font-size: large\">1 cs s\u00fct\u0151por<\/span><\/span><span><span style=\"font-size: large\">&nbsp;<\/span><\/span><\/div><div><span><span style=\"font-size: large\">2 ev\u0151kan\u00e1l&nbsp; kaka\u00f3por<\/span><\/span><\/div><div><span><span style=\"font-size: large\"><br \/><\/span><\/span><span><span style=\"font-size: large\"><u>Elk\u00e9sz\u00edt\u00e9s<\/u>: A  toj\u00e1sok s\u00e1rg\u00e1j\u00e1t a cukorral \u00e9s van\u00edli\u00e1s cukorral habosra keverem, ut\u00e1na  hozz\u00e1adom a vizet \u00e9s az olajat. A s\u00fct\u0151porral elkevert lisztet  kanalank\u00e9nt hozz\u00e1keverem, v\u00e9g\u00fcl a kem\u00e9nyre felvert feh\u00e9rj\u00e9ket \u00f3vatosan  beleforgatom. A t\u00e9szt\u00e1t megfelezem \u00e9s az egyik fel\u00e9hez hozz\u00e1keverem a kaka\u00f3port.<\/span><\/span><\/div><div><span><span style=\"font-size: large\">Egy kapcsos tortaform\u00e1t vajjal kikenek, kilisztezek, a k\u00f6zep\u00e9re teszek k\u00e9t ev\u0151kan\u00e1l feh\u00e9r t\u00e9szt\u00e1t, majd r\u00e1 2 ev\u0151kan\u00e1l kaka\u00f3s t\u00e9szt\u00e1t, \u00edgy folytatom, am\u00edg a t\u00e9szta el nem fogy. A t\u00e9szt\u00e1t nem kell elkenni,&nbsp; hagyni kell hogy mag\u00e1t\u00f3l ter\u00fclj\u00f6n. El\u0151meleg\u00edtett s\u00fct\u0151ben (l\u00e9gkever\u00e9ses), 160 fokon kb. 50 percig s\u00fct\u00f6m.<\/span><\/span><\/div><br \/><div><span><span style=\"font-size: large\">Az epres kr\u00e9mhez csup\u00e1n tejsz\u00ednt (kb. 4 dl-t) \u00e9s dzsemet haszn\u00e1ltam. N\u00e9h\u00e1ny napja, nagyon j\u00f3 min\u0151s\u00e9g\u0171 eperdzsemet vettem a Lidlben, 75 sz\u00e1zal\u00e9kos gy\u00fcm\u00f6lcstartalm\u00fat, nagyon s\u0171r\u0171, tele gy\u00fcm\u00f6lccsel, ebb\u0151l maradt ki n\u00e9h\u00e1ny ev\u0151kan\u00e1lnyi, amit a felvert tejsz\u00ednhabhoz kevertem. Ennyi az eg\u00e9sz.&nbsp; <\/span><\/span><\/div><br \/><br \/><br \/><br \/><br \/><br \/><br \/><span><\/span><span><span style=\"font-size: large\"><br \/><\/span><\/span><div><br \/><\/div><div><\/div><div><\/div>","type":"rich","thumbnail_url":"https:\/\/mezesotthon.cafeblog.hu\/files\/2014\/07\/eperkr-25C3-25A9mes-zebratorta-edit-150x150.jpg","thumbnail_width":150,"thumbnail_height":150}